{"version":"1.0","provider_name":"El Hijo del llanero solititito","provider_url":"https:\/\/elhijodelllanero.mx","author_name":"Redaccion","author_url":"https:\/\/elhijodelllanero.mx\/index.php\/author\/admin_6smc8z8t\/","title":"INAUGURA IMJUV \u201cCUARTO VIOLETA\u201d - El Hijo del llanero solititito","type":"rich","width":600,"height":338,"html":"<blockquote class=\"wp-embedded-content\" data-secret=\"Zng9dnnN4L\"><a href=\"https:\/\/elhijodelllanero.mx\/index.php\/2025\/03\/31\/inaugura-imjuv-cuarto-violeta\/\">INAUGURA IMJUV \u201cCUARTO VIOLETA\u201d<\/a><\/blockquote><iframe sandbox=\"allow-scripts\" security=\"restricted\" src=\"https:\/\/elhijodelllanero.mx\/index.php\/2025\/03\/31\/inaugura-imjuv-cuarto-violeta\/embed\/#?secret=Zng9dnnN4L\" width=\"600\" height=\"338\" title=\"\u00abINAUGURA IMJUV \u201cCUARTO VIOLETA\u201d\u00bb \u2014 El Hijo del llanero solititito\" data-secret=\"Zng9dnnN4L\" frameborder=\"0\" marginwidth=\"0\" marginheight=\"0\" scrolling=\"no\" class=\"wp-embedded-content\"><\/iframe><script type=\"text\/javascript\">\n\/* <![CDATA[ *\/\n\/*! This file is auto-generated *\/\n!function(d,l){\"use strict\";l.querySelector&&d.addEventListener&&\"undefined\"!=typeof URL&&(d.wp=d.wp||{},d.wp.receiveEmbedMessage||(d.wp.receiveEmbedMessage=function(e){var t=e.data;if((t||t.secret||t.message||t.value)&&!\/[^a-zA-Z0-9]\/.test(t.secret)){for(var s,r,n,a=l.querySelectorAll('iframe[data-secret=\"'+t.secret+'\"]'),o=l.querySelectorAll('blockquote[data-secret=\"'+t.secret+'\"]'),c=new RegExp(\"^https?:$\",\"i\"),i=0;i<o.length;i++)o[i].style.display=\"none\";for(i=0;i<a.length;i++)s=a[i],e.source===s.contentWindow&&(s.removeAttribute(\"style\"),\"height\"===t.message?(1e3<(r=parseInt(t.value,10))?r=1e3:~~r<200&&(r=200),s.height=r):\"link\"===t.message&&(r=new URL(s.getAttribute(\"src\")),n=new URL(t.value),c.test(n.protocol))&&n.host===r.host&&l.activeElement===s&&(d.top.location.href=t.value))}},d.addEventListener(\"message\",d.wp.receiveEmbedMessage,!1),l.addEventListener(\"DOMContentLoaded\",function(){for(var e,t,s=l.querySelectorAll(\"iframe.wp-embedded-content\"),r=0;r<s.length;r++)(t=(e=s[r]).getAttribute(\"data-secret\"))||(t=Math.random().toString(36).substring(2,12),e.src+=\"#?secret=\"+t,e.setAttribute(\"data-secret\",t)),e.contentWindow.postMessage({message:\"ready\",secret:t},\"*\")},!1)))}(window,document);\n\/\/# sourceURL=https:\/\/elhijodelllanero.mx\/wp-includes\/js\/wp-embed.min.js\n\/* ]]> *\/\n<\/script>\n","thumbnail_url":"https:\/\/elhijodelllanero.mx\/wp-content\/uploads\/2025\/03\/4dc4a5ca-6549-41d6-8350-7bd37e16daa1.jpeg","thumbnail_width":1280,"thumbnail_height":960,"description":"Con el objetivo de darle atenci\u00f3n primaria a las j\u00f3venes en situaciones vulnerables, el Instituto Municipal de la Juventud inaugur\u00f3 el \u201ccuarto violeta\u201d que facilitar\u00e1 la vinculaci\u00f3n con otras \u00e1reas hasta la atenci\u00f3n psicol\u00f3gica, en coordinaci\u00f3n con el Instituto Municipal de las Mujeres. En la inauguraci\u00f3n se tuvo la presencia del director del IMJUV, Jos\u00e9 [&hellip;]"}