{"version":"1.0","provider_name":"El Hijo del llanero solititito","provider_url":"https:\/\/elhijodelllanero.mx","author_name":"Mar\u00eda de la Paz Rodarte Ram\u00edrez","author_url":"https:\/\/elhijodelllanero.mx\/index.php\/author\/maricuas\/","title":"Celaya busca subirse al tren Quer\u00e9taro\u2013SLP. - El Hijo del llanero solititito","type":"rich","width":600,"height":338,"html":"<blockquote class=\"wp-embedded-content\" data-secret=\"AnJY3HFkns\"><a href=\"https:\/\/elhijodelllanero.mx\/index.php\/2026\/04\/09\/celaya-busca-subirse-al-tren-queretaro-slp\/\">Celaya busca subirse al tren Quer\u00e9taro\u2013SLP.<\/a><\/blockquote><iframe sandbox=\"allow-scripts\" security=\"restricted\" src=\"https:\/\/elhijodelllanero.mx\/index.php\/2026\/04\/09\/celaya-busca-subirse-al-tren-queretaro-slp\/embed\/#?secret=AnJY3HFkns\" width=\"600\" height=\"338\" title=\"\u00abCelaya busca subirse al tren Quer\u00e9taro\u2013SLP.\u00bb \u2014 El Hijo del llanero solititito\" data-secret=\"AnJY3HFkns\" frameborder=\"0\" marginwidth=\"0\" marginheight=\"0\" scrolling=\"no\" class=\"wp-embedded-content\"><\/iframe><script type=\"text\/javascript\">\n\/* <![CDATA[ *\/\n\/*! This file is auto-generated *\/\n!function(d,l){\"use strict\";l.querySelector&&d.addEventListener&&\"undefined\"!=typeof URL&&(d.wp=d.wp||{},d.wp.receiveEmbedMessage||(d.wp.receiveEmbedMessage=function(e){var t=e.data;if((t||t.secret||t.message||t.value)&&!\/[^a-zA-Z0-9]\/.test(t.secret)){for(var s,r,n,a=l.querySelectorAll('iframe[data-secret=\"'+t.secret+'\"]'),o=l.querySelectorAll('blockquote[data-secret=\"'+t.secret+'\"]'),c=new RegExp(\"^https?:$\",\"i\"),i=0;i<o.length;i++)o[i].style.display=\"none\";for(i=0;i<a.length;i++)s=a[i],e.source===s.contentWindow&&(s.removeAttribute(\"style\"),\"height\"===t.message?(1e3<(r=parseInt(t.value,10))?r=1e3:~~r<200&&(r=200),s.height=r):\"link\"===t.message&&(r=new URL(s.getAttribute(\"src\")),n=new URL(t.value),c.test(n.protocol))&&n.host===r.host&&l.activeElement===s&&(d.top.location.href=t.value))}},d.addEventListener(\"message\",d.wp.receiveEmbedMessage,!1),l.addEventListener(\"DOMContentLoaded\",function(){for(var e,t,s=l.querySelectorAll(\"iframe.wp-embedded-content\"),r=0;r<s.length;r++)(t=(e=s[r]).getAttribute(\"data-secret\"))||(t=Math.random().toString(36).substring(2,12),e.src+=\"#?secret=\"+t,e.setAttribute(\"data-secret\",t)),e.contentWindow.postMessage({message:\"ready\",secret:t},\"*\")},!1)))}(window,document);\n\/\/# sourceURL=https:\/\/elhijodelllanero.mx\/wp-includes\/js\/wp-embed.min.js\n\/* ]]> *\/\n<\/script>\n","thumbnail_url":"https:\/\/elhijodelllanero.mx\/wp-content\/uploads\/2026\/04\/IMG-20260409-WA0005.jpg","thumbnail_width":1600,"thumbnail_height":1200,"description":"Celaya, Gto. 9 de abril de 2026.- El municipio de Celaya figura dentro del trazo preliminar del proyecto ferroviario de pasajeros que conectar\u00e1 Quer\u00e9taro con San Luis Potos\u00ed, con una proyecci\u00f3n posterior hacia Monterrey. As\u00ed lo inform\u00f3 el presidente municipal, Juan Miguel Ram\u00edrez, tras sostener reuniones con representantes del plan. \u201cDe Quer\u00e9taro a San Luis [&hellip;]"}